{"id":882,"date":"2023-11-15T19:20:56","date_gmt":"2023-11-15T19:20:56","guid":{"rendered":"https:\/\/ensantane.com\/?page_id=882"},"modified":"2026-04-26T21:29:11","modified_gmt":"2026-04-26T21:29:11","slug":"ulke-gundeminden","status":"publish","type":"page","link":"https:\/\/dkder.org\/index.php\/ulke-gundeminden\/","title":{"rendered":"\u00dcLKE G\u00dcNDEM\u0130NDEN"},"content":{"rendered":"<p><img loading=\"lazy\" decoding=\"async\" class=\"\" src=\"https:\/\/dkder.org\/wp-content\/uploads\/2025\/08\/headline.jpg\" width=\"968\" height=\"484\" \/><\/p>\n<p>BUG\u00dcN(27 N\u0130SAN) YAPILACAK EYLEM, ETK\u0130NL\u0130K VE G\u00dcNDEMDEN<\/p>\n<p>&nbsp;<\/p>\n<p>\u0130nsan Haklar\u0131 Derne\u011fi, T\u00fcm \u015eube ve Temsilciliklerde, e\u015f zamanl\u0131 olarak \u00a0\u2018Silahs\u0131zlanma ve Bar\u0131\u015f Hukuki Reformlarla G\u00fcvence Alt\u0131na Al\u0131nmal\u0131d\u0131r\u2019 a\u00e7\u0131klamas\u0131 yapacak.<\/p>\n<p>\u2026\u2026.<\/p>\n<p>Bug\u00fcn saat 12.00\u2019de, Taksim Kazanc\u0131 Yoku\u015funda, 1 May\u0131s\u2019ta Taksim mitingini ger\u00e7ekle\u015ftirecekler, \u20181 May\u0131s\u2019ta Kaybettiklerimizi Omuz Omuza An\u0131yoruz\u2019 \u015fiar\u0131 ile anma yapacak.<\/p>\n<p>\u2026\u2026<\/p>\n<p>Bug\u00fcn saat 13.00\u2019de, 78\u2019ler Hareketi\u2019nin \u00e7a\u011fr\u0131s\u0131yla, 1977 Katliam\u0131n\u0131 Protesto i\u00e7in Kazanc\u0131 Yoku\u015funda bulu\u015fma ger\u00e7ekle\u015ftirilecek.<\/p>\n<p>\u2026\u2026.<\/p>\n<p>Bug\u00fcn saat 12.00\u2019de, Maden i\u015f\u00e7ileri, Ankara Kurtulu\u015f park\u0131ndan, Enerji ve Tabii Kaynaklar Bakanl\u0131\u011f\u0131na y\u00fcr\u00fcyecek.<\/p>\n<p>\u2026\u2026.<\/p>\n<p>Bug\u00fcn saat 17.30\u2019da, Adana \u0130n\u00f6n\u00fc Park\u0131\u2019nda, \u2018Eme\u011fimize, \u00d6zg\u00fcrl\u00fc\u011f\u00fcm\u00fcze sahip \u00e7\u0131kmak; Adalet, Bar\u0131\u015f, Hak, Hukuk, Adalet ve en \u00f6nemlisi Demokrasiyi Y\u00fckseltmek \u0130\u00c7\u0130N 1 MAYIS&#8217;a\u2019 a\u00e7\u0131klamas\u0131 yap\u0131lacak.<\/p>\n<p>\u2026\u2026<\/p>\n<p>Bug\u00fcn saat 19.00\u2019da, Enver Yan\u0131k\u2019\u0131n Ailesi ve Arkada\u015flar\u0131, Konak Naz\u0131m Hikmet K\u00fclt\u00fcr Merkezinde, \u00d6zcan \u015eenver, Geni\u015f Merdiven ve Praksis\u2019in kat\u0131l\u0131m\u0131yla,Wernicke Korsakoff hastas\u0131 Enver Yan\u0131k i\u00e7in Adil Yarg\u0131lama Hakk\u0131 \u2013Hasta Tutsaklara \u00d6zg\u00fcrl\u00fck\u2019konseri ger\u00e7ekle\u015ftirecek.<\/p>\n<p>\u2026\u2026<\/p>\n<p>Bug\u00fcn saat 20.00\u2019de,DGD-SEN taraf\u0131ndan, T\u00fcrkan Saylan K\u00fclt\u00fcr Merkezi Kardelen 2 Salonunda, Deniz G\u00f6kta\u015f\u2019\u0131n Stand-up g\u00f6sterisiyle dayan\u0131\u015fma etkinli\u011fi d\u00fczenleyecek.<\/p>\n<p>\u2026\u2026<\/p>\n<p>Bug\u00fcn saat 12.30\u2019da, D\u0130SK, TTB, KESK, TMMOB taraf\u0131ndan, Bursa Ali Osman S\u00f6nmez Onkoloji Hastanesi Acil Servis \u00f6n\u00fcnde, \u2018Hastane Yerleri Sat\u0131lamaz\u2019 a\u00e7\u0131klamas\u0131 yap\u0131lacak.<\/p>\n<p>\u2026\u2026.<\/p>\n<p>Bug\u00fcn saat 19.00\u2019da,\u00a0 Sosyalist Meclisler Federasyonu, Sar\u0131gazi\u2019de Ovac\u0131kl\u0131lar Derne\u011finde, 1 May\u0131s\u2019a Giderken SMF Halk Bulu\u015fmas\u0131\u2019, \u2018Enkazda Kapitalist Sistem, Gelecekte Biz Var\u0131z\u2019 s\u00f6yle\u015fisi ger\u00e7ekle\u015ftirecek.<\/p>\n<p>\u2026\u2026<\/p>\n<p>G\u00dcNDEMDEN AYRINTILAR<\/p>\n<p><a href=\"https:\/\/dkder.org\/index.php\/2026\/04\/26\/bugun27-nisan-yapilacak-eylem-etkinlik-ve-gundemden\/\">https:\/\/dkder.org\/index.php\/2026\/04\/26\/bugun27-nisan-yapilacak-eylem-etkinlik-ve-gundemden\/<\/a><\/p>\n","protected":false},"excerpt":{"rendered":"<p>BUG\u00dcN(27 N\u0130SAN) YAPILACAK EYLEM, ETK\u0130NL\u0130K VE G\u00dcNDEMDEN &nbsp; \u0130nsan Haklar\u0131 Derne\u011fi, T\u00fcm \u015eube ve Temsilciliklerde, e\u015f zamanl\u0131 olarak \u00a0\u2018Silahs\u0131zlanma ve<\/p>\n","protected":false},"author":1,"featured_media":0,"parent":0,"menu_order":0,"comment_status":"closed","ping_status":"closed","template":"","meta":{"footnotes":""},"class_list":["post-882","page","type-page","status-publish","hentry"],"_links":{"self":[{"href":"https:\/\/dkder.org\/index.php\/wp-json\/wp\/v2\/pages\/882","targetHints":{"allow":["GET"]}}],"collection":[{"href":"https:\/\/dkder.org\/index.php\/wp-json\/wp\/v2\/pages"}],"about":[{"href":"https:\/\/dkder.org\/index.php\/wp-json\/wp\/v2\/types\/page"}],"author":[{"embeddable":true,"href":"https:\/\/dkder.org\/index.php\/wp-json\/wp\/v2\/users\/1"}],"replies":[{"embeddable":true,"href":"https:\/\/dkder.org\/index.php\/wp-json\/wp\/v2\/comments?post=882"}],"version-history":[{"count":811,"href":"https:\/\/dkder.org\/index.php\/wp-json\/wp\/v2\/pages\/882\/revisions"}],"predecessor-version":[{"id":4392,"href":"https:\/\/dkder.org\/index.php\/wp-json\/wp\/v2\/pages\/882\/revisions\/4392"}],"wp:attachment":[{"href":"https:\/\/dkder.org\/index.php\/wp-json\/wp\/v2\/media?parent=882"}],"curies":[{"name":"wp","href":"https:\/\/api.w.org\/{rel}","templated":true}]}}